{"id":6695,"date":"2025-08-28T13:59:00","date_gmt":"2025-08-28T11:59:00","guid":{"rendered":"https:\/\/www.masdanza.com\/english\/?post_type=portfolio&#038;p=6695"},"modified":"2025-09-20T13:16:44","modified_gmt":"2025-09-20T11:16:44","slug":"masdanza-museums","status":"publish","type":"portfolio","link":"https:\/\/www.masdanza.com\/english\/portfolio\/masdanza-museums\/","title":{"rendered":"MASDANZA MUSEUMS"},"content":{"rendered":"<p style=\"text-align: justify;\">30MASDANZA and the museum spaces<strong> Casa de Col\u00f3n <\/strong>and <strong>The Cueva Pintada Museum and Archeological Park<\/strong> weave a \u201cheritage body\u201d through contemporary dance in a programme that transforms both venues into living stages of creation.<\/p>\n<hr \/>\n<h3 style=\"text-align: center;\">MASDANZA MUSEUMS 2025 PROGRAMME<\/h3>\n<hr \/>\n<p style=\"text-align: center;\"><strong>MONDAY OCT 06 &#8211; THE CASA DE COL\u00d3N MUSEUM &#8211; 19,00 h<\/strong><\/p>\n<p style=\"text-align: center;\"><strong>TUESDAY OCT 07 &#8211; THE CUEVA PINTADA MUSEUM AND ARCHEOLOGICAL PARK &#8211; 19,00 h<\/strong><\/p>\n<p><img loading=\"lazy\" decoding=\"async\" class=\"alignnone wp-image-6726 size-full\" src=\"https:\/\/www.masdanza.com\/english\/wp-content\/uploads\/2025\/09\/1-360o_perevirgili-scaled.jpg\" alt=\"\" width=\"2560\" height=\"1707\" srcset=\"https:\/\/www.masdanza.com\/english\/wp-content\/uploads\/2025\/09\/1-360o_perevirgili-scaled.jpg 2560w, https:\/\/www.masdanza.com\/english\/wp-content\/uploads\/2025\/09\/1-360o_perevirgili-300x200.jpg 300w, https:\/\/www.masdanza.com\/english\/wp-content\/uploads\/2025\/09\/1-360o_perevirgili-1024x683.jpg 1024w, https:\/\/www.masdanza.com\/english\/wp-content\/uploads\/2025\/09\/1-360o_perevirgili-768x512.jpg 768w, https:\/\/www.masdanza.com\/english\/wp-content\/uploads\/2025\/09\/1-360o_perevirgili-1536x1024.jpg 1536w, https:\/\/www.masdanza.com\/english\/wp-content\/uploads\/2025\/09\/1-360o_perevirgili-2048x1365.jpg 2048w, https:\/\/www.masdanza.com\/english\/wp-content\/uploads\/2025\/09\/1-360o_perevirgili-200x133.jpg 200w\" sizes=\"(max-width: 2560px) 100vw, 2560px\" \/><\/p>\n<p><strong>360\u00ba (15\u2019) <\/strong><\/p>\n<p>Ibague, Colombia \u2013 Barcelona, Spain<\/p>\n<p><strong>Created &amp; Performed by:<\/strong> Raquel Gualtero Soriano<\/p>\n<p><strong>Original Music:<\/strong> Lina Bautista (LinaLab) \u201c360\u00ba\u201d<\/p>\n<p style=\"text-align: justify;\">\u201cThree hundred and sixty degrees is a complete revolution, a rotation about our own axis to return to the starting point. The beginning and end are the same, but the journey is vast, planetary, universal, encompassing it all. The rotation stands there as a symbol of human expression and a vestige of the origins of folklore. It starts from oneself, but aims to challenge everyone.\u00a0 In 360\u00ba, I look towards my Colombian roots to create a piece pivoting on rotation. Sometimes from the simplicity of an initiatory children&#8217;s game, and some others from the virtuosity of traditional Colombian dances and even from the carnival&#8217;s festivity, bustle and exhibitionism. Because rotation is also about showing oneself, opening oneself up to others, undressing before them.\u00a0 With a simple but forceful gesture, 360\u00b0 seeks to encompass everything: the playing girl, the dancing woman and the mother turning her head to look for the starting point, the trigger, the origin\u201d.<\/p>\n<hr \/>\n<p><img loading=\"lazy\" decoding=\"async\" class=\"alignnone wp-image-6728 size-full\" src=\"https:\/\/www.masdanza.com\/english\/wp-content\/uploads\/2025\/09\/2FORGET-ME-NOT-by-Tanya-Yarmolovych-1-scaled.jpg\" alt=\"\" width=\"2560\" height=\"1707\" srcset=\"https:\/\/www.masdanza.com\/english\/wp-content\/uploads\/2025\/09\/2FORGET-ME-NOT-by-Tanya-Yarmolovych-1-scaled.jpg 2560w, https:\/\/www.masdanza.com\/english\/wp-content\/uploads\/2025\/09\/2FORGET-ME-NOT-by-Tanya-Yarmolovych-1-300x200.jpg 300w, https:\/\/www.masdanza.com\/english\/wp-content\/uploads\/2025\/09\/2FORGET-ME-NOT-by-Tanya-Yarmolovych-1-1024x683.jpg 1024w, https:\/\/www.masdanza.com\/english\/wp-content\/uploads\/2025\/09\/2FORGET-ME-NOT-by-Tanya-Yarmolovych-1-768x512.jpg 768w, https:\/\/www.masdanza.com\/english\/wp-content\/uploads\/2025\/09\/2FORGET-ME-NOT-by-Tanya-Yarmolovych-1-1536x1024.jpg 1536w, https:\/\/www.masdanza.com\/english\/wp-content\/uploads\/2025\/09\/2FORGET-ME-NOT-by-Tanya-Yarmolovych-1-2048x1365.jpg 2048w, https:\/\/www.masdanza.com\/english\/wp-content\/uploads\/2025\/09\/2FORGET-ME-NOT-by-Tanya-Yarmolovych-1-200x133.jpg 200w\" sizes=\"(max-width: 2560px) 100vw, 2560px\" \/><\/p>\n<p><strong>FORGET ME NOT (10\u2019) <\/strong><\/p>\n<p>Lisbon, Portugal<\/p>\n<p><strong>Created &amp; Performed by:<\/strong> Catarina Casqueiro &amp; Tiago Coelho<\/p>\n<p><strong>Music:<\/strong> The Caretaker &#8211; A1 \u201cIt\u2019s just a burning memory\u201d, Travis Lake \u201cDust\u201d Davidson Jaconello &#8211; FMO III (turbulence)<\/p>\n<p><strong>\u201c<em>Forget Me Not<\/em> takes us on an introspective journey where two performers explore the human mind and its connection to the body, navigating between remembering and forgetting. Inspired by Leyland Kirby and his project The Caretaker, this creation reflects the ephemerality of memory and the fragility of identity, diving deep into the layers of consciousness. In this work in progress, we reveal the duality between lucidity and identity, questioning what remains when memory fades and where we find meaning in a world where the mind can be lost\u201d.<\/strong><\/p>\n<hr \/>\n<p><img loading=\"lazy\" decoding=\"async\" class=\"alignnone wp-image-6729 size-full\" src=\"https:\/\/www.masdanza.com\/english\/wp-content\/uploads\/2025\/09\/3-THE-WAITING-by-German-Anton-2-copia-2.jpg\" alt=\"\" width=\"1440\" height=\"1398\" srcset=\"https:\/\/www.masdanza.com\/english\/wp-content\/uploads\/2025\/09\/3-THE-WAITING-by-German-Anton-2-copia-2.jpg 1440w, https:\/\/www.masdanza.com\/english\/wp-content\/uploads\/2025\/09\/3-THE-WAITING-by-German-Anton-2-copia-2-300x291.jpg 300w, https:\/\/www.masdanza.com\/english\/wp-content\/uploads\/2025\/09\/3-THE-WAITING-by-German-Anton-2-copia-2-1024x994.jpg 1024w, https:\/\/www.masdanza.com\/english\/wp-content\/uploads\/2025\/09\/3-THE-WAITING-by-German-Anton-2-copia-2-768x746.jpg 768w, https:\/\/www.masdanza.com\/english\/wp-content\/uploads\/2025\/09\/3-THE-WAITING-by-German-Anton-2-copia-2-200x194.jpg 200w\" sizes=\"(max-width: 1440px) 100vw, 1440px\" \/><\/p>\n<p><strong>THE WAITING (12\u2019) <\/strong><\/p>\n<p>Catania, Italy<\/p>\n<p><strong>Created by:<\/strong> Federica Esposito<\/p>\n<p><strong>Performed by:<\/strong> Beatrice Vettor &amp; Marta Papaccio<\/p>\n<p><strong>Music:<\/strong> Agf\u00a0 \u201cElena Guro\u201d, Solomon Burke \u201cCry to Me\u201d<\/p>\n<p><strong>With the collaboration of:<\/strong> Scenario Pubblico, Padova Danza Project, Milano City Ballet, Accademia di Ivrea, D\u00e9j\u00e0 Donn\u00e9,\u00a0 Claudio Scalia, Abril en Danza\/OtraDanza &#8211; Asun Noales<\/p>\n<p style=\"text-align: justify;\">\u201cRecently, we have been forced to experiment, individually or in small communities, the concept of waiting, pausing, stopping. Our fast-paced but somewhat beloved way of living life was abruptly interrupted by something that hadn&#8217;t happened for over 100 years, unthinkable in 2020. Our certainties, plans and hopes have been paused, necessarily and, apparently, in an inevitable way. Waiting, a term so tied to Nature, to Love, to the cyclical nature of life and death. Consequently, I started reflecting on two figures: Ulysses, who leaves, and Penelope, who stays. Ulysses, who leaves, while Penelope sees him go far away. Penelope: embodiment of the value of waiting, patience, loyalty; for a person, for love, for hope. Penelope has learned how to wait. She learned to wait, giving her dream a shape. What does waiting represent? Is it sweet, bitter, active, passive? It is, anyhow, part of our days, although time continues to flow, inexorably\u201d.<\/p>\n<hr \/>\n<figure id=\"attachment_6730\" aria-describedby=\"caption-attachment-6730\" style=\"width: 2500px\" class=\"wp-caption alignnone\"><img loading=\"lazy\" decoding=\"async\" class=\"wp-image-6730 size-full\" src=\"https:\/\/www.masdanza.com\/english\/wp-content\/uploads\/2025\/09\/4-NO_La-Venidera__VAM9318_\u00a9Dansa-Valencia_Jose-Jordan_Eva-Manez.jpg\" alt=\"\" width=\"2500\" height=\"1667\" srcset=\"https:\/\/www.masdanza.com\/english\/wp-content\/uploads\/2025\/09\/4-NO_La-Venidera__VAM9318_\u00a9Dansa-Valencia_Jose-Jordan_Eva-Manez.jpg 2500w, https:\/\/www.masdanza.com\/english\/wp-content\/uploads\/2025\/09\/4-NO_La-Venidera__VAM9318_\u00a9Dansa-Valencia_Jose-Jordan_Eva-Manez-300x200.jpg 300w, https:\/\/www.masdanza.com\/english\/wp-content\/uploads\/2025\/09\/4-NO_La-Venidera__VAM9318_\u00a9Dansa-Valencia_Jose-Jordan_Eva-Manez-1024x683.jpg 1024w, https:\/\/www.masdanza.com\/english\/wp-content\/uploads\/2025\/09\/4-NO_La-Venidera__VAM9318_\u00a9Dansa-Valencia_Jose-Jordan_Eva-Manez-768x512.jpg 768w, https:\/\/www.masdanza.com\/english\/wp-content\/uploads\/2025\/09\/4-NO_La-Venidera__VAM9318_\u00a9Dansa-Valencia_Jose-Jordan_Eva-Manez-1536x1024.jpg 1536w, https:\/\/www.masdanza.com\/english\/wp-content\/uploads\/2025\/09\/4-NO_La-Venidera__VAM9318_\u00a9Dansa-Valencia_Jose-Jordan_Eva-Manez-2048x1366.jpg 2048w, https:\/\/www.masdanza.com\/english\/wp-content\/uploads\/2025\/09\/4-NO_La-Venidera__VAM9318_\u00a9Dansa-Valencia_Jose-Jordan_Eva-Manez-200x133.jpg 200w\" sizes=\"(max-width: 2500px) 100vw, 2500px\" \/><figcaption id=\"caption-attachment-6730\" class=\"wp-caption-text\">LA VENIDERA_fotografias Eva M\u00e1\u00f1ez _dansa val\u00e8ncia 2025<\/figcaption><\/figure>\n<p><strong>NO(15\u2019)<\/strong><\/p>\n<p>Madrid, Spain<\/p>\n<p><strong>Created &amp; Performed by:<\/strong> Albert Hern\u00e1ndez &amp; Irene Tena [LA VENIDERA]<\/p>\n<p><strong>Original Music:<\/strong> Manuel Urbina \u201cFlamante\u201d<\/p>\n<p><strong>NO <\/strong>is the unknown place to which we belong.<\/p>\n<p><strong>NO <\/strong>is the image of a burning bonfire.<\/p>\n<p>A bonfire in which we burn everything that belongs to the established.<\/p>\n<p><strong>NO <\/strong>is an alternative that spurs us towards that which is unseen.<\/p>\n<p>We are charred wood.<\/p>\n<p>We are the remnants of others.<\/p>\n<p>We are dust.<\/p>\n<p>After saying <strong>NO<\/strong>, we search in the night of life for all the questions that will keep us awake.<\/p>\n<p>Saying <strong>NO<\/strong> helps us move forward and beckons us to place ourselves on the opposite side.<\/p>\n<p><strong>NO <\/strong>speaks to us about concealment, reduction, dematerialization, and even disappearance, whether of people, recollections, states or memory.<\/p>\n<p>Saying <strong>NO<\/strong> closes, gags, and silences; it denotes non-existence and beckons us to the opposite, but<em>, <\/em>at the same time, it favors the symbolic, and intuition. It favors the unknown.<\/p>\n<p><strong>NO <\/strong>is the embers of a bonfire.<\/p>\n<p><strong>NO <\/strong>is all the unknown that we confront.<\/p>\n<p>This <strong>NO <\/strong>that we imagine is:<\/p>\n<p>Black<\/p>\n<p>Coal<\/p>\n<p>A photo negative<\/p>\n<p>Absence<\/p>\n<p>A flaw<\/p>\n<p>A stain<\/p>\n<p>The void<\/p>\n<p>But <strong>NO <\/strong>is also all that&#8217;s yet to come. Everything that is empty always fills up again.<\/p>\n<p>Gathering information, doubting it, asking ourselves where we are going.<\/p>\n<p>Doubting as an engine driving us to search for answers.<\/p>\n<p>Taking the risk entailed by the unknown.<\/p>\n<p><strong>NO <\/strong>is the trigger that makes us keep going.<\/p>\n<p><strong>NO <\/strong>is the regenerative, visceral energy that stokes our ingenuity and makes it blossom.<\/p>\n<p>Saying <strong>NO<\/strong> allows us to find the oxygen that fire consumes and that nurtures creation.<\/p>\n<p>Because art is one of the quintessential realms that exists by renouncing the \u2018real\u2019 world\u201d.<\/p>\n<hr \/>\n\n\n<div class=\"wp-block-buttons is-content-justification-center is-layout-flex wp-container-core-buttons-layout-1 wp-block-buttons-is-layout-flex\">\n<div class=\"wp-block-button is-style-outline\"><a class=\"wp-block-button__link has-white-color has-vivid-red-background-color has-text-color has-background has-link-color wp-element-button\" href=\"https:\/\/www.masdanza.com\/english\/wp-content\/uploads\/2025\/09\/06-MASDANZA-CASA-DE-COLON.pdf\" style=\"border-radius:0px\" target=\"_blank\" rel=\"noreferrer noopener\">CASA COL\u00d3N PROGRAMME<\/a><\/div>\n\n\n\n<div class=\"wp-block-button is-style-outline\"><a class=\"wp-block-button__link has-white-color has-vivid-red-background-color has-text-color has-background has-link-color wp-element-button\" href=\"https:\/\/www.masdanza.com\/english\/wp-content\/uploads\/2025\/09\/07-MASDANZA-CUEVA-PINTADA.pdf\" style=\"border-radius:0px\" target=\"_blank\" rel=\"noreferrer noopener\">CUEVA PINTADA PROGRAMME<\/a><\/div>\n<\/div>\n","protected":false},"excerpt":{"rendered":"<p>30MASDANZA and the museum spaces Casa de Col\u00f3n and The Cueva Pintada Museum and Archeological Park weave a \u201cheritage body\u201d through contemporary dance in a programme that transforms both venues into living stages of creation. MASDANZA MUSEUMS 2025 PROGRAMME MONDAY OCT 06 &#8211; THE CASA DE COL\u00d3N MUSEUM &#8211; 19,00 h TUESDAY OCT 07 &#8211; [&hellip;]<\/p>\n","protected":false},"author":1,"featured_media":6696,"parent":0,"menu_order":0,"template":"","meta":{"_genesis_hide_title":false,"_genesis_hide_breadcrumbs":false,"_genesis_hide_singular_image":false,"_genesis_hide_footer_widgets":false,"_genesis_custom_body_class":"","_genesis_custom_post_class":"","_genesis_layout":""},"portfolio-type":[],"_links":{"self":[{"href":"https:\/\/www.masdanza.com\/english\/wp-json\/wp\/v2\/portfolio\/6695"}],"collection":[{"href":"https:\/\/www.masdanza.com\/english\/wp-json\/wp\/v2\/portfolio"}],"about":[{"href":"https:\/\/www.masdanza.com\/english\/wp-json\/wp\/v2\/types\/portfolio"}],"author":[{"embeddable":true,"href":"https:\/\/www.masdanza.com\/english\/wp-json\/wp\/v2\/users\/1"}],"version-history":[{"count":10,"href":"https:\/\/www.masdanza.com\/english\/wp-json\/wp\/v2\/portfolio\/6695\/revisions"}],"predecessor-version":[{"id":6864,"href":"https:\/\/www.masdanza.com\/english\/wp-json\/wp\/v2\/portfolio\/6695\/revisions\/6864"}],"wp:featuredmedia":[{"embeddable":true,"href":"https:\/\/www.masdanza.com\/english\/wp-json\/wp\/v2\/media\/6696"}],"wp:attachment":[{"href":"https:\/\/www.masdanza.com\/english\/wp-json\/wp\/v2\/media?parent=6695"}],"wp:term":[{"taxonomy":"portfolio-type","embeddable":true,"href":"https:\/\/www.masdanza.com\/english\/wp-json\/wp\/v2\/portfolio-type?post=6695"}],"curies":[{"name":"wp","href":"https:\/\/api.w.org\/{rel}","templated":true}]}}